{"id":137,"date":"2016-09-24T21:04:13","date_gmt":"2016-09-24T21:04:13","guid":{"rendered":"http:\/\/javierjimenez.mondaenlaweb.com\/?page_id=137"},"modified":"2026-04-20T17:29:15","modified_gmt":"2026-04-20T17:29:15","slug":"aviso-legal","status":"publish","type":"page","link":"https:\/\/javierjg.es\/blog\/aviso-legal\/","title":{"rendered":"Aviso legal"},"content":{"rendered":"<p>1. DATOS IDENTIFICATIVOS<\/p>\n<p>En cumplimiento de lo dispuesto en el art\u00edculo 10 de la Ley 34\/2002, de 11 de julio, de servicios de la sociedad de la informaci\u00f3n y de comercio electr\u00f3nico, se informa de que el presente sitio web es titularidad de:<\/p>\n<p>Titular: Javier Jim\u00e9nez Garc\u00eda<br \/>\nNIF: 78975584R<br \/>\nDomicilio: C\/ Canalejas, 13. Oficina 15. 35600, Puerto del Rosario, Las Palmas<br \/>\nCorreo electr\u00f3nico: hola@javierjg.es<br \/>\nNombre de dominio: https:\/\/javierjg.es<\/p>\n<p>2. OBJETO<\/p>\n<p>El presente Aviso Legal regula el acceso, navegaci\u00f3n y uso del sitio web https:\/\/javierjg.es, as\u00ed como las responsabilidades derivadas de la utilizaci\u00f3n de sus contenidos, entendiendo por estos, a t\u00edtulo enunciativo y no limitativo, los textos, im\u00e1genes, dise\u00f1os, c\u00f3digo, software, fotograf\u00edas, v\u00eddeos, sonidos, bases de datos y cualquier otra creaci\u00f3n protegida por la normativa aplicable.<\/p>\n<p>El acceso a este sitio web atribuye la condici\u00f3n de usuario e implica la aceptaci\u00f3n plena y sin reservas de las disposiciones incluidas en este Aviso Legal, en la versi\u00f3n publicada en el momento en que el usuario acceda al mismo.<\/p>\n<p>El titular se reserva el derecho a modificar, en cualquier momento y sin necesidad de previo aviso, la presentaci\u00f3n, configuraci\u00f3n y contenidos del sitio web, as\u00ed como el presente Aviso Legal.<\/p>\n<p>3. CONDICIONES DE USO<\/p>\n<p>El usuario se compromete a hacer un uso adecuado del sitio web y de sus contenidos, de conformidad con la legislaci\u00f3n vigente, la buena fe, el orden p\u00fablico y el presente Aviso Legal.<\/p>\n<p>Queda prohibido el uso del sitio web con fines il\u00edcitos o lesivos contra el titular o terceros, o que de cualquier forma puedan causar perjuicio o impedir el normal funcionamiento del sitio web.<\/p>\n<p>4. PROPIEDAD INTELECTUAL E INDUSTRIAL<\/p>\n<p>Todos los contenidos del sitio web, incluyendo, entre otros, textos, fotograf\u00edas, gr\u00e1ficos, im\u00e1genes, iconos, tecnolog\u00eda, software, dise\u00f1o gr\u00e1fico, estructura y c\u00f3digo fuente, son titularidad de Javier Jim\u00e9nez Garc\u00eda o, en su caso, dispone de licencia o autorizaci\u00f3n expresa por parte de sus leg\u00edtimos titulares, y se encuentran protegidos por la normativa de propiedad intelectual e industrial.<\/p>\n<p>Queda prohibida la reproducci\u00f3n, distribuci\u00f3n, comunicaci\u00f3n p\u00fablica, transformaci\u00f3n o cualquier otra forma de explotaci\u00f3n, total o parcial, de los contenidos del sitio web sin la autorizaci\u00f3n previa y por escrito del titular, salvo en los casos legalmente permitidos.<\/p>\n<p>5. RESPONSABILIDAD<\/p>\n<p>El titular no garantiza la inexistencia de errores en el acceso al sitio web, en sus contenidos, ni que estos se encuentren permanentemente actualizados, aunque pondr\u00e1 los medios razonables para evitarlos, corregirlos o actualizarlos cuando proceda.<\/p>\n<p>El titular no se hace responsable de los da\u00f1os o perjuicios que pudieran derivarse de:<br \/>\n&#8211; interrupciones, aver\u00edas, errores, omisiones o retrasos en el funcionamiento del sitio web;<br \/>\n&#8211; intromisiones ileg\u00edtimas mediante el uso de programas maliciosos;<br \/>\n&#8211; uso indebido o inadecuado del sitio web por parte de los usuarios;<br \/>\n&#8211; fallos derivados del uso de navegadores no actualizados o incompatibles.<\/p>\n<p>6. ENLACES A TERCEROS<\/p>\n<p>En caso de que en el sitio web se dispusieran enlaces o hiperv\u00ednculos hacia otros sitios de Internet, el titular no ejercer\u00e1 ning\u00fan tipo de control sobre dichos sitios y contenidos.<\/p>\n<p>En ning\u00fan caso el titular asumir\u00e1 responsabilidad alguna por los contenidos de enlaces pertenecientes a sitios web ajenos, ni garantizar\u00e1 la disponibilidad t\u00e9cnica, exactitud, veracidad, validez o legalidad de cualquier material o informaci\u00f3n contenida en dichos enlaces.<\/p>\n<p>La inclusi\u00f3n de estos enlaces no implicar\u00e1 ning\u00fan tipo de asociaci\u00f3n, fusi\u00f3n o participaci\u00f3n con las entidades conectadas.<\/p>\n<p>7. PROTECCI\u00d3N DE DATOS PERSONALES<\/p>\n<p>Los aspectos relativos al tratamiento de datos personales de los usuarios se regulan en la correspondiente Pol\u00edtica de Privacidad.<\/p>\n<p>8. COOKIES<\/p>\n<p>Este sitio web utiliza cookies propias y\/o de terceros. El usuario puede consultar toda la informaci\u00f3n sobre su uso en la Pol\u00edtica de Cookies.<\/p>\n<p>9. LEGISLACI\u00d3N APLICABLE Y JURISDICCI\u00d3N<\/p>\n<p>La relaci\u00f3n entre el titular y el usuario se regir\u00e1 por la normativa espa\u00f1ola vigente.<\/p>\n","protected":false},"excerpt":{"rendered":"<p>1. DATOS IDENTIFICATIVOS En cumplimiento de lo dispuesto en el art\u00edculo 10 de la Ley 34\/2002, de 11 de julio, de servicios de la sociedad de la informaci\u00f3n y de comercio electr\u00f3nico, se informa de que el presente sitio web es titularidad de: Titular: Javier Jim\u00e9nez Garc\u00eda NIF: 78975584R Domicilio: C\/ Canalejas, 13. Oficina 15. [&hellip;]<\/p>\n","protected":false},"author":1,"featured_media":0,"parent":0,"menu_order":0,"comment_status":"closed","ping_status":"closed","template":"","meta":{"_et_pb_use_builder":"off","_et_pb_old_content":"<p align=\"center\"><span style=\"font-family: ABeeZee; font-size: 18px;\"><strong>AVISO LEGAL<\/strong><\/span><\/p>\n<span style=\"font-family: ABeeZee; font-size: 18px;\"><strong>Nombre:<\/strong> Javier Jimenez Garcia<\/span>\n\n<span style=\"font-family: ABeeZee; font-size: 18px;\"><strong>Domicilio Social:<\/strong> C\/ Pitera, 48-B, 35600 Puerto del Rosario, Las Palmas<\/span>\n\n<span style=\"font-family: ABeeZee; font-size: 18px;\"><strong>CIF \/ NIF:<\/strong> 78975584R<\/span>\n\n<span style=\"font-family: ABeeZee; font-size: 18px;\"><strong>Tel\u00e9fono:<\/strong> 674 14 21 82<\/span>\n\n<span style=\"font-family: ABeeZee; font-size: 18px;\"><strong>E-Mail:<\/strong>\u00a0javier.raidpc @ yahoo.es<\/span>\n\n<span style=\"font-family: ABeeZee; font-size: 18px;\"><strong>Nombre de dominio:<\/strong> https:\/\/javierjg.es<\/span>\n<h3 align=\"left\"><span style=\"font-family: ABeeZee; font-size: 18px;\"><strong>OBJETO<\/strong><\/span><\/h3>\n<span style=\"font-family: ABeeZee; font-size: 18px;\">El prestador, responsable del sitio web, pone a disposici\u00f3n de los usuarios el presente documento con el que pretende dar cumplimiento a las obligaciones dispuestas en la Ley 34\/2002, de Servicios de la Sociedad de la Informaci\u00f3n y del Comercio Electr\u00f3nico (LSSI-CE), as\u00ed como informar a todos los usuarios del sitio web respecto a cu\u00e1les son las condiciones de uso del sitio web.<\/span>\n\n<span style=\"font-family: ABeeZee; font-size: 18px;\">Toda persona que acceda a este sitio web asume el papel de usuario, comprometi\u00e9ndose a la observancia y cumplimiento riguroso de las disposiciones aqu\u00ed dispuestas, as\u00ed como a cualesquiera otra disposici\u00f3n legal que fuera de aplicaci\u00f3n.<\/span>\n\n<span style=\"font-family: ABeeZee; font-size: 18px;\">El prestador se reserva el derecho a modificar cualquier tipo de informaci\u00f3n que pudiera aparecer en el sitio web, sin que exista obligaci\u00f3n de preavisar o poner en conocimiento de los usuarios dichas obligaciones, entendi\u00e9ndose como suficiente con la publicaci\u00f3n en el sitio web del prestador.<\/span>\n\n&nbsp;\n<h3 align=\"left\"><span style=\"font-family: ABeeZee; font-size: 18px;\"><strong>RESPONSABILIDAD<\/strong><\/span><\/h3>\n<span style=\"font-family: ABeeZee; font-size: 18px;\">El prestador se exime de cualquier tipo de responsabilidad derivada de la informaci\u00f3n publicada en su sitio web, siempre que esta informaci\u00f3n haya sido manipulada o introducida por un tercero ajeno al mismo.<\/span>\n\n<span style=\"font-family: ABeeZee; font-size: 18px;\">El sitio web del prestador puede utilizar cookies (peque\u00f1os archivos de informaci\u00f3n que el servidor env\u00eda al ordenador de quien accede a la p\u00e1gina) para llevar a cabo determinadas funciones que son consideradas imprescindibles para el correcto funcionamiento y visualizaci\u00f3n del sitio. Las cookies utilizadas en el sitio web tienen, en todo caso, car\u00e1cter temporal con la \u00fanica finalidad de hacer m\u00e1s eficaz su transmisi\u00f3n ulterior y desaparecen al terminar la sesi\u00f3n del usuario. En ning\u00fan caso se utilizar\u00e1n las cookies para recoger informaci\u00f3n de car\u00e1cter personal. <a title=\"Politica de Cookies de Monda en la Web\" href=\"https:\/\/javierjg.es\/blog\/politica-de-cookies\/\" target=\"_blank\" rel=\"noopener\">V\u00e9ase la Pol\u00edtica de Cookies\u00a0<\/a>y <a title=\"M\u00e1s informaci\u00f3n sobre las Cookies de Monda en la Web\" href=\"https:\/\/javierjg.es\/blog\/mas-informacion-sobre-las-cookies\/\" target=\"_blank\" rel=\"noopener\">M\u00e1s informaci\u00f3n sobre las Cookies<\/a>.<\/span>\n\n<span style=\"font-family: ABeeZee; font-size: 18px;\">Desde el sitio web del cliente es posible que se redirija a contenidos de terceros sitios web. Dado que el prestador no puede controlar siempre los contenidos introducidos por los terceros en sus sitios web, \u00e9ste no asume ning\u00fan tipo de responsabilidad respecto a dichos contenidos. En todo caso, el prestador manifiesta que proceder\u00e1 a la retirada inmediata de cualquier contenido que pudiera contravenir la legislaci\u00f3n nacional o internacional, la moral o el orden p\u00fablico, procediendo a la retirada inmediata de la redirecci\u00f3n a dicho sitio web, poniendo en conocimiento de las autoridades competentes el contenido en cuesti\u00f3n.<\/span>\n\n<span style=\"font-family: ABeeZee; font-size: 18px;\">El prestador no se hace responsable de la informaci\u00f3n y contenidos almacenados, a t\u00edtulo enunciativo pero no limitativo, en foros, chat\u00b4s, generadores de blogs, comentarios, redes sociales o cualesquiera otro medio que permita a terceros publicar contenidos de forma independiente en la p\u00e1gina web del prestador. No obstante y en cumplimiento de lo dispuesto en el art. 11 y 16 de la LSSI-CE, el prestador se pone a disposici\u00f3n de todos los usuarios, autoridades y fuerzas de seguridad, y colaborando de forma activa en la retirada o en su caso bloqueo de todos aquellos contenidos que pudieran afectar o contravenir la legislaci\u00f3n nacional, o internacional, derechos de terceros o la moral y el orden p\u00fablico. En caso de que el usuario considere que existe en el sitio web alg\u00fan contenido que pudiera ser susceptible de esta clasificaci\u00f3n, se ruega lo notifique de forma inmediata al administrador del sitio web.<\/span>\n\n<span style=\"font-family: ABeeZee; font-size: 18px;\">Este sitio web ha sido revisado y probado para que funcione correctamente. En principio, puede garantizarse el correcto funcionamiento los 365 d\u00edas del a\u00f1o, 24 horas al d\u00eda. No obstante, el prestador no descarta la posibilidad de que existan ciertos errores de programaci\u00f3n, o que acontezcan causas de fuerza mayor, cat\u00e1strofes naturales, huelgas, o circunstancias semejantes que hagan imposible el acceso a la p\u00e1gina web.<\/span>","_et_gb_content_width":"","footnotes":""},"class_list":["post-137","page","type-page","status-publish","hentry"],"yoast_head":"<!-- This site is optimized with the Yoast SEO plugin v27.4 - https:\/\/yoast.com\/product\/yoast-seo-wordpress\/ -->\n<title>Aviso legal - JavierJG<\/title>\n<meta name=\"robots\" content=\"index, nofollow, max-snippet:-1, max-image-preview:large, max-video-preview:-1\" \/>\n<link rel=\"canonical\" href=\"https:\/\/javierjg.es\/blog\/aviso-legal\/\" \/>\n<meta property=\"og:locale\" content=\"es_ES\" \/>\n<meta property=\"og:type\" content=\"article\" \/>\n<meta property=\"og:title\" content=\"Aviso legal - JavierJG\" \/>\n<meta property=\"og:description\" content=\"1. DATOS IDENTIFICATIVOS En cumplimiento de lo dispuesto en el art\u00edculo 10 de la Ley 34\/2002, de 11 de julio, de servicios de la sociedad de la informaci\u00f3n y de comercio electr\u00f3nico, se informa de que el presente sitio web es titularidad de: Titular: Javier Jim\u00e9nez Garc\u00eda NIF: 78975584R Domicilio: C\/ Canalejas, 13. Oficina 15. [&hellip;]\" \/>\n<meta property=\"og:url\" content=\"https:\/\/javierjg.es\/blog\/aviso-legal\/\" \/>\n<meta property=\"og:site_name\" content=\"JavierJG\" \/>\n<meta property=\"article:publisher\" content=\"https:\/\/www.facebook.com\/javierjimenez.emprendedor\" \/>\n<meta property=\"article:modified_time\" content=\"2026-04-20T17:29:15+00:00\" \/>\n<meta name=\"twitter:card\" content=\"summary_large_image\" \/>\n<meta name=\"twitter:site\" content=\"@javiermonda\" \/>\n<meta name=\"twitter:label1\" content=\"Tiempo de lectura\" \/>\n\t<meta name=\"twitter:data1\" content=\"3 minutos\" \/>\n<script type=\"application\/ld+json\" class=\"yoast-schema-graph\">{\"@context\":\"https:\\\/\\\/schema.org\",\"@graph\":[{\"@type\":\"WebPage\",\"@id\":\"https:\\\/\\\/javierjg.es\\\/blog\\\/aviso-legal\\\/\",\"url\":\"https:\\\/\\\/javierjg.es\\\/blog\\\/aviso-legal\\\/\",\"name\":\"Aviso legal - JavierJG\",\"isPartOf\":{\"@id\":\"https:\\\/\\\/javierjg.es\\\/blog\\\/#website\"},\"datePublished\":\"2016-09-24T21:04:13+00:00\",\"dateModified\":\"2026-04-20T17:29:15+00:00\",\"breadcrumb\":{\"@id\":\"https:\\\/\\\/javierjg.es\\\/blog\\\/aviso-legal\\\/#breadcrumb\"},\"inLanguage\":\"es\",\"potentialAction\":[{\"@type\":\"ReadAction\",\"target\":[\"https:\\\/\\\/javierjg.es\\\/blog\\\/aviso-legal\\\/\"]}]},{\"@type\":\"BreadcrumbList\",\"@id\":\"https:\\\/\\\/javierjg.es\\\/blog\\\/aviso-legal\\\/#breadcrumb\",\"itemListElement\":[{\"@type\":\"ListItem\",\"position\":1,\"name\":\"Portada\",\"item\":\"https:\\\/\\\/javierjg.es\\\/blog\\\/\"},{\"@type\":\"ListItem\",\"position\":2,\"name\":\"Aviso legal\"}]},{\"@type\":\"WebSite\",\"@id\":\"https:\\\/\\\/javierjg.es\\\/blog\\\/#website\",\"url\":\"https:\\\/\\\/javierjg.es\\\/blog\\\/\",\"name\":\"JavierJG\",\"description\":\"Blog personal de JavierJG\",\"publisher\":{\"@id\":\"https:\\\/\\\/javierjg.es\\\/blog\\\/#\\\/schema\\\/person\\\/daf3e3ab7db4bf40e58d8ab3b495685e\"},\"alternateName\":\"Blog personal de JavierJG\",\"potentialAction\":[{\"@type\":\"SearchAction\",\"target\":{\"@type\":\"EntryPoint\",\"urlTemplate\":\"https:\\\/\\\/javierjg.es\\\/blog\\\/?s={search_term_string}\"},\"query-input\":{\"@type\":\"PropertyValueSpecification\",\"valueRequired\":true,\"valueName\":\"search_term_string\"}}],\"inLanguage\":\"es\"},{\"@type\":[\"Person\",\"Organization\"],\"@id\":\"https:\\\/\\\/javierjg.es\\\/blog\\\/#\\\/schema\\\/person\\\/daf3e3ab7db4bf40e58d8ab3b495685e\",\"name\":\"JavierJG\",\"image\":{\"@type\":\"ImageObject\",\"inLanguage\":\"es\",\"@id\":\"https:\\\/\\\/javierjg.es\\\/blog\\\/wp-content\\\/uploads\\\/2024\\\/01\\\/JavierJG_Perfil.jpg\",\"url\":\"https:\\\/\\\/javierjg.es\\\/blog\\\/wp-content\\\/uploads\\\/2024\\\/01\\\/JavierJG_Perfil.jpg\",\"contentUrl\":\"https:\\\/\\\/javierjg.es\\\/blog\\\/wp-content\\\/uploads\\\/2024\\\/01\\\/JavierJG_Perfil.jpg\",\"width\":958,\"height\":960,\"caption\":\"JavierJG\"},\"logo\":{\"@id\":\"https:\\\/\\\/javierjg.es\\\/blog\\\/wp-content\\\/uploads\\\/2024\\\/01\\\/JavierJG_Perfil.jpg\"},\"sameAs\":[\"https:\\\/\\\/javierjg.es\\\/blog\",\"https:\\\/\\\/www.facebook.com\\\/javierjimenez.emprendedor\",\"https:\\\/\\\/www.instagram.com\\\/javierjg.es\",\"https:\\\/\\\/www.linkedin.com\\\/in\\\/javierjg\\\/\",\"https:\\\/\\\/x.com\\\/javiermonda\"]}]}<\/script>\n<!-- \/ Yoast SEO plugin. -->","yoast_head_json":{"title":"Aviso legal - JavierJG","robots":{"index":"index","follow":"nofollow","max-snippet":"max-snippet:-1","max-image-preview":"max-image-preview:large","max-video-preview":"max-video-preview:-1"},"canonical":"https:\/\/javierjg.es\/blog\/aviso-legal\/","og_locale":"es_ES","og_type":"article","og_title":"Aviso legal - JavierJG","og_description":"1. DATOS IDENTIFICATIVOS En cumplimiento de lo dispuesto en el art\u00edculo 10 de la Ley 34\/2002, de 11 de julio, de servicios de la sociedad de la informaci\u00f3n y de comercio electr\u00f3nico, se informa de que el presente sitio web es titularidad de: Titular: Javier Jim\u00e9nez Garc\u00eda NIF: 78975584R Domicilio: C\/ Canalejas, 13. Oficina 15. [&hellip;]","og_url":"https:\/\/javierjg.es\/blog\/aviso-legal\/","og_site_name":"JavierJG","article_publisher":"https:\/\/www.facebook.com\/javierjimenez.emprendedor","article_modified_time":"2026-04-20T17:29:15+00:00","twitter_card":"summary_large_image","twitter_site":"@javiermonda","twitter_misc":{"Tiempo de lectura":"3 minutos"},"schema":{"@context":"https:\/\/schema.org","@graph":[{"@type":"WebPage","@id":"https:\/\/javierjg.es\/blog\/aviso-legal\/","url":"https:\/\/javierjg.es\/blog\/aviso-legal\/","name":"Aviso legal - JavierJG","isPartOf":{"@id":"https:\/\/javierjg.es\/blog\/#website"},"datePublished":"2016-09-24T21:04:13+00:00","dateModified":"2026-04-20T17:29:15+00:00","breadcrumb":{"@id":"https:\/\/javierjg.es\/blog\/aviso-legal\/#breadcrumb"},"inLanguage":"es","potentialAction":[{"@type":"ReadAction","target":["https:\/\/javierjg.es\/blog\/aviso-legal\/"]}]},{"@type":"BreadcrumbList","@id":"https:\/\/javierjg.es\/blog\/aviso-legal\/#breadcrumb","itemListElement":[{"@type":"ListItem","position":1,"name":"Portada","item":"https:\/\/javierjg.es\/blog\/"},{"@type":"ListItem","position":2,"name":"Aviso legal"}]},{"@type":"WebSite","@id":"https:\/\/javierjg.es\/blog\/#website","url":"https:\/\/javierjg.es\/blog\/","name":"JavierJG","description":"Blog personal de JavierJG","publisher":{"@id":"https:\/\/javierjg.es\/blog\/#\/schema\/person\/daf3e3ab7db4bf40e58d8ab3b495685e"},"alternateName":"Blog personal de JavierJG","potentialAction":[{"@type":"SearchAction","target":{"@type":"EntryPoint","urlTemplate":"https:\/\/javierjg.es\/blog\/?s={search_term_string}"},"query-input":{"@type":"PropertyValueSpecification","valueRequired":true,"valueName":"search_term_string"}}],"inLanguage":"es"},{"@type":["Person","Organization"],"@id":"https:\/\/javierjg.es\/blog\/#\/schema\/person\/daf3e3ab7db4bf40e58d8ab3b495685e","name":"JavierJG","image":{"@type":"ImageObject","inLanguage":"es","@id":"https:\/\/javierjg.es\/blog\/wp-content\/uploads\/2024\/01\/JavierJG_Perfil.jpg","url":"https:\/\/javierjg.es\/blog\/wp-content\/uploads\/2024\/01\/JavierJG_Perfil.jpg","contentUrl":"https:\/\/javierjg.es\/blog\/wp-content\/uploads\/2024\/01\/JavierJG_Perfil.jpg","width":958,"height":960,"caption":"JavierJG"},"logo":{"@id":"https:\/\/javierjg.es\/blog\/wp-content\/uploads\/2024\/01\/JavierJG_Perfil.jpg"},"sameAs":["https:\/\/javierjg.es\/blog","https:\/\/www.facebook.com\/javierjimenez.emprendedor","https:\/\/www.instagram.com\/javierjg.es","https:\/\/www.linkedin.com\/in\/javierjg\/","https:\/\/x.com\/javiermonda"]}]}},"jetpack_sharing_enabled":false,"_links":{"self":[{"href":"https:\/\/javierjg.es\/blog\/wp-json\/wp\/v2\/pages\/137","targetHints":{"allow":["GET"]}}],"collection":[{"href":"https:\/\/javierjg.es\/blog\/wp-json\/wp\/v2\/pages"}],"about":[{"href":"https:\/\/javierjg.es\/blog\/wp-json\/wp\/v2\/types\/page"}],"author":[{"embeddable":true,"href":"https:\/\/javierjg.es\/blog\/wp-json\/wp\/v2\/users\/1"}],"replies":[{"embeddable":true,"href":"https:\/\/javierjg.es\/blog\/wp-json\/wp\/v2\/comments?post=137"}],"version-history":[{"count":2,"href":"https:\/\/javierjg.es\/blog\/wp-json\/wp\/v2\/pages\/137\/revisions"}],"predecessor-version":[{"id":1757,"href":"https:\/\/javierjg.es\/blog\/wp-json\/wp\/v2\/pages\/137\/revisions\/1757"}],"wp:attachment":[{"href":"https:\/\/javierjg.es\/blog\/wp-json\/wp\/v2\/media?parent=137"}],"curies":[{"name":"wp","href":"https:\/\/api.w.org\/{rel}","templated":true}]}}